{"id":2961,"date":"2025-05-12T15:39:55","date_gmt":"2025-05-12T13:39:55","guid":{"rendered":"https:\/\/hotelsacherbaden.com\/?page_id=2961"},"modified":"2025-05-26T21:55:01","modified_gmt":"2025-05-26T19:55:01","slug":"brunch-im-hotel-sacher-baden","status":"publish","type":"page","link":"https:\/\/hotelsacherbaden.com\/en\/brunch-im-hotel-sacher-baden\/","title":{"rendered":"Brunch at the Hotel Sacher Baden"},"content":{"rendered":"<div class=\"wp-block-stackable-columns alignfull stk-block-columns stk-block stk-93933d0 stk-block-background\" data-block-id=\"93933d0\"><style>.stk-93933d0 {background-color:var(u002du002dtheme-palette-color-8, #ffffff) !important;padding-top:0px !important;padding-bottom:0px !important;margin-bottom:0px !important;}.stk-93933d0:before{background-color:var(u002du002dtheme-palette-color-8, #ffffff) !important;}.stk-93933d0-column{--stk-columns-spacing:0px !important;row-gap:0px !important;}<\/style><div class=\"stk-row stk-inner-blocks stk-block-content stk-content-align stk-93933d0-column alignfull\">\n<div class=\"wp-block-stackable-column stk-block-column stk-column stk-block stk-8f765cc stk-block-background\" data-v=\"4\" data-block-id=\"8f765cc\"><style>.stk-8f765cc {background-color:var(u002du002dtheme-palette-color-8, #ffffff) !important;}.stk-8f765cc:before{background-color:var(u002du002dtheme-palette-color-8, #ffffff) !important;}<\/style><div class=\"stk-column-wrapper stk-block-column__content stk-container stk-8f765cc-container stk--no-background stk--no-padding\"><div class=\"stk-block-content stk-inner-blocks stk-8f765cc-inner-blocks\">\n<div class=\"wp-block-stackable-columns alignfull stk-block-columns stk-block stk-b11edfe\" data-block-id=\"b11edfe\"><style>.stk-b11edfe-column{--stk-column-gap:64px !important;row-gap:32px !important;}<\/style><div class=\"stk-row stk-inner-blocks stk-block-content stk-content-align stk-b11edfe-column\">\n<div class=\"wp-block-stackable-column stk-block-column stk-column stk-block stk-56c32c2\" data-v=\"4\" data-block-id=\"56c32c2\"><style>.stk-56c32c2-container{margin-top:0px !important;margin-right:0px !important;margin-bottom:0px !important;margin-left:0px !important;}.stk-56c32c2 {align-self:flex-start !important;align-items:flex-start !important;display:flex !important;}.stk-56c32c2-inner-blocks{justify-content:center !important;row-gap:0px !important;}@media screen and (min-width:690px) and (max-width:999px){.stk-56c32c2 {flex:var(--stk-flex-grow, 1) 1 calc(100% - var(--stk-column-gap, 0px) * 0 \/ 1 ) !important;}}<\/style><div class=\"stk-column-wrapper stk-block-column__content stk-container stk-56c32c2-container stk--no-background stk--no-padding\"><div class=\"stk--column-flex stk-block-content stk-inner-blocks stk-56c32c2-inner-blocks\">\n<div class=\"wp-block-stackable-columns stk-block-columns stk-block stk-93e41e5\" data-block-id=\"93e41e5\"><div class=\"stk-row stk-inner-blocks stk-block-content stk-content-align stk-93e41e5-column\">\n<div class=\"wp-block-stackable-column stk-block-column stk-column stk-block stk-a39bf25\" data-v=\"4\" data-block-id=\"a39bf25\"><div class=\"stk-column-wrapper stk-block-column__content stk-container stk-a39bf25-container stk--no-background stk--no-padding\"><div class=\"stk-block-content stk-inner-blocks stk-a39bf25-inner-blocks\">\n<div class=\"wp-block-stackable-image stk-block-image stk-block stk-ab91168\" data-block-id=\"ab91168\"><style>.stk-ab91168 {margin-bottom:56px !important;}.stk-ab91168 .stk-img-wrapper img{object-fit:cover !important;}@media screen and (max-width:689px){.stk-ab91168 {margin-bottom:30px !important;}}<\/style><figure><span class=\"stk-img-wrapper stk-image--shape-stretch\"><img loading=\"lazy\" decoding=\"async\" class=\"stk-img wp-image-2962\" src=\"https:\/\/hotelsacherbaden.com\/wp-content\/uploads\/2025\/05\/Hotel-Sacher-Baden-Brunch.jpg\" width=\"1920\" height=\"1920\" alt=\"Hotel Sacher Baden - Doppelzimmer\" title=\"\" srcset=\"https:\/\/hotelsacherbaden.com\/wp-content\/uploads\/2025\/05\/Hotel-Sacher-Baden-Brunch.jpg 1920w, https:\/\/hotelsacherbaden.com\/wp-content\/uploads\/2025\/05\/Hotel-Sacher-Baden-Brunch-300x300.jpg 300w, https:\/\/hotelsacherbaden.com\/wp-content\/uploads\/2025\/05\/Hotel-Sacher-Baden-Brunch-1024x1024.jpg 1024w, https:\/\/hotelsacherbaden.com\/wp-content\/uploads\/2025\/05\/Hotel-Sacher-Baden-Brunch-150x150.jpg 150w, https:\/\/hotelsacherbaden.com\/wp-content\/uploads\/2025\/05\/Hotel-Sacher-Baden-Brunch-768x768.jpg 768w, https:\/\/hotelsacherbaden.com\/wp-content\/uploads\/2025\/05\/Hotel-Sacher-Baden-Brunch-1536x1536.jpg 1536w, https:\/\/hotelsacherbaden.com\/wp-content\/uploads\/2025\/05\/Hotel-Sacher-Baden-Brunch-12x12.jpg 12w\" sizes=\"auto, (max-width: 1920px) 100vw, 1920px\" \/><\/span><\/figure><\/div>\n<\/div><\/div><\/div>\n<\/div><\/div>\n\n\n\n<div class=\"wp-block-stackable-heading stk-block-heading stk-block-heading--v2 stk-block stk-099bf82\" id=\"span-style-color-var-palette-color-1-dca-720-class-stk-highlight-strong-zimmer-stil-strong-moderno-strong-strong-span\" data-block-id=\"099bf82\"><style>.stk-099bf82 {margin-bottom:16px !important;}.stk-099bf82 .stk-block-heading__text{color:#dca720 !important;font-family:\"Great Vibes\", Sans-serif !important;}<\/style><h1 class=\"stk-block-heading__text has-text-color\">Brunch at the Hotel Sacher Baden<\/h1><\/div>\n\n\n\n<p><strong>Savour like Carl Sacher - a culinary highlight<\/strong><\/p>\n\n\n\n<p>The Hotel Sacher Baden invites you to a culinary&nbsp;<strong>Brunch<\/strong>&nbsp;in an elegant parlour atmosphere and historical ambience. A special delicacy buffet awaits you with a variety of delicious hot and cold specialities. A gourmet experience for family and friends.<\/p>\n\n\n\n<p><strong>Date: June 15, 2025 | Time: 11h30 - 14h00 | Location: Hotel Sacher Baden<\/strong><\/p>\n\n\n\n<p>Price per person: EUR 48.00 | Price per child (up to 10 years): EUR 24.00<\/p>\n\n\n\n<p><strong>STARTERS<\/strong><\/p>\n\n\n\n<p>Curry salad | Spicy meat salad | Spinach and sheep's cheese strudel<\/p>\n\n\n\n<p>Vegetable terrine | Red beetroot mousse with smoked trout<\/p>\n\n\n\n<p><strong>SOUP<\/strong>: <\/p>\n\n\n\n<p>Cold cucumber soup | Cream of cauliflower soup<\/p>\n\n\n\n<p><strong>MAIN COURSE<\/strong>:<\/p>\n\n\n\n<p>Surschnitzel | Fried fish fillet<\/p>\n\n\n\n<p>Game ragout | mushroom sauce | chicken fillet in orange sauce<\/p>\n\n\n\n<p><strong>SUPPLEMENTS<\/strong>: <\/p>\n\n\n\n<p>Napkin dumplings | Parsley potato<\/p>\n\n\n\n<p>Grilled vegetables | Schupfnudeln<\/p>\n\n\n\n<p><strong>SALATE<\/strong><\/p>\n\n\n\n<p><strong>DESSERT : <\/strong> <\/p>\n\n\n\n<p>Choux pastry doughnuts with vanilla cream | Malakoff cake<\/p>\n\n\n\n<p>Various cakes and tarts<\/p>\n\n\n\n<p>We look forward to your reservation!<\/p>\n\n\n\n<p>All brunch highlights can also be given as a gift voucher to your loved ones.<\/p>\n\n\n\n<p><\/p>\n<\/div><\/div><\/div>\n\n\n\n<div class=\"wp-block-stackable-column stk-block-column stk-column stk-block stk-21d7159 stk-block-background\" data-v=\"4\" data-block-id=\"21d7159\"><style>.stk-21d7159-container{margin-top:0px !important;margin-right:0px !important;margin-bottom:0px !important;margin-left:0px !important;}.stk-21d7159 {align-self:flex-start !important;background-color:var(u002du002dtheme-palette-color-7, #FAFBFC) !important;}.stk-21d7159:before{background-color:var(u002du002dtheme-palette-color-7, #FAFBFC) !important;}@media screen and (min-width:690px) and (max-width:999px){.stk-21d7159 {flex:var(--stk-flex-grow, 1) 1 calc(100% - var(--stk-column-gap, 0px) * 0 \/ 1 ) !important;}}<\/style><div class=\"stk-column-wrapper stk-block-column__content stk-container stk-21d7159-container stk--no-background stk--no-padding\"><div class=\"stk-block-content stk-inner-blocks stk-21d7159-inner-blocks\">\n<div class=\"wp-block-stackable-heading stk-block-heading stk-block-heading--v2 stk-block stk-7cfbc62\" id=\"span-style-color-var-palette-color-1-dca-720-class-stk-highlight-strong-zimmer-stil-strong-moderno-strong-strong-span\" data-block-id=\"7cfbc62\"><style>.stk-7cfbc62 {margin-bottom:16px !important;}.stk-7cfbc62 .stk-block-heading__text{color:#dca720 !important;font-family:\"Great Vibes\", Sans-serif !important;}<\/style><h1 class=\"stk-block-heading__text has-text-color\">Reservation<\/h1><\/div>\n\n\n\n<div class=\"wp-block-contact-form-7-contact-form-selector\">\n<div class=\"wpcf7 no-js\" id=\"wpcf7-f2279-o1\" lang=\"de-DE\" dir=\"ltr\" data-wpcf7-id=\"2279\">\n<div class=\"screen-reader-response\"><p role=\"status\" aria-live=\"polite\" aria-atomic=\"true\"><\/p> <ul><\/ul><\/div>\n<form action=\"\/en\/wp-json\/wp\/v2\/pages\/2961#wpcf7-f2279-o1\" method=\"post\" class=\"wpcf7-form init\" aria-label=\"Contact form\" novalidate=\"novalidate\" data-status=\"init\" data-trp-original-action=\"\/en\/wp-json\/wp\/v2\/pages\/2961#wpcf7-f2279-o1\">\n<fieldset class=\"hidden-fields-container\"><input type=\"hidden\" name=\"_wpcf7\" value=\"2279\" \/><input type=\"hidden\" name=\"_wpcf7_version\" value=\"6.1.4\" \/><input type=\"hidden\" name=\"_wpcf7_locale\" value=\"de_DE\" \/><input type=\"hidden\" name=\"_wpcf7_unit_tag\" value=\"wpcf7-f2279-o1\" \/><input type=\"hidden\" name=\"_wpcf7_container_post\" value=\"0\" \/><input type=\"hidden\" name=\"_wpcf7_posted_data_hash\" value=\"\" \/>\n<\/fieldset>\n<p><small> Fields marked with * are mandatory!<\/small>\n<\/p>\n<p>Price per person: EUR 125.00\n<\/p>\n<p><strong>What would you like to book?*<\/strong><br \/>\n<small>Please select at least 1 date!<\/small><br \/>\n<span class=\"wpcf7-form-control-wrap\" data-name=\"checkbox-373\"><span class=\"wpcf7-form-control wpcf7-checkbox\"><span class=\"wpcf7-list-item first last\"><label><input type=\"checkbox\" name=\"checkbox-373[]\" value=\"Silvester im Hotel Sacher Baden, 31.12.2025\" \/><span class=\"wpcf7-list-item-label\">Silvester im Hotel Sacher Baden, 31.12.2025<\/span><\/label><\/span><\/span><\/span>\n<\/p>\n<p><label> Number of persons*<br \/>\n<span class=\"wpcf7-form-control-wrap\" data-name=\"Anzahl-Personen\"><input class=\"wpcf7-form-control wpcf7-number wpcf7-validates-as-required wpcf7-validates-as-number\" min=\"1\" max=\"10\" aria-required=\"true\" aria-invalid=\"false\" value=\"\" type=\"number\" name=\"Anzahl-Personen\" \/><\/span> <\/label>\n<\/p>\n<p><label> Comments (optional)<br \/>\n<span class=\"wpcf7-form-control-wrap\" data-name=\"Anmerkungen\"><input size=\"40\" maxlength=\"400\" class=\"wpcf7-form-control wpcf7-text\" aria-invalid=\"false\" value=\"\" type=\"text\" name=\"Anmerkungen\" \/><\/span> <\/label>\n<\/p>\n<p><label> First name and surname*<br \/>\n<span class=\"wpcf7-form-control-wrap\" data-name=\"your-name\"><input size=\"40\" maxlength=\"400\" class=\"wpcf7-form-control wpcf7-text wpcf7-validates-as-required\" aria-required=\"true\" aria-invalid=\"false\" value=\"\" type=\"text\" name=\"your-name\" \/><\/span><\/label>\n<\/p>\n<p><label> Address*<br \/>\n<span class=\"wpcf7-form-control-wrap\" data-name=\"your-adress\"><input size=\"40\" maxlength=\"400\" class=\"wpcf7-form-control wpcf7-text wpcf7-validates-as-required\" aria-required=\"true\" aria-invalid=\"false\" value=\"\" type=\"text\" name=\"your-adress\" \/><\/span> <\/label>\n<\/p>\n<p><label> Telephone number*<br \/>\n<span class=\"wpcf7-form-control-wrap\" data-name=\"Telefonnummer\"><input size=\"40\" maxlength=\"400\" class=\"wpcf7-form-control wpcf7-tel wpcf7-validates-as-required wpcf7-text wpcf7-validates-as-tel\" aria-required=\"true\" aria-invalid=\"false\" value=\"\" type=\"tel\" name=\"Telefonnummer\" \/><\/span> <\/label>\n<\/p>\n<p><label> E-mail address*<br \/>\n<span class=\"wpcf7-form-control-wrap\" data-name=\"your-email\"><input size=\"40\" maxlength=\"400\" class=\"wpcf7-form-control wpcf7-email wpcf7-validates-as-required wpcf7-text wpcf7-validates-as-email\" aria-required=\"true\" aria-invalid=\"false\" value=\"\" type=\"email\" name=\"your-email\" \/><\/span> <\/label>\n<\/p>\n<p><label> Security question:* <small> - Please write out the colour!<\/small><br \/>\n<span class=\"wpcf7-form-control-wrap\" data-name=\"quiz-105\"><label><span class=\"wpcf7-quiz-label\">The colour of the sky?<\/span> <input size=\"40\" class=\"wpcf7-form-control wpcf7-quiz\" autocomplete=\"off\" aria-required=\"true\" aria-invalid=\"false\" type=\"text\" name=\"quiz-105\" \/><\/label><input type=\"hidden\" name=\"_wpcf7_quiz_answer_quiz-105\" value=\"814f83cd8407b034c0341149f1445814\" \/><\/span><\/label>\n<\/p>\n<p><input class=\"wpcf7-form-control wpcf7-submit has-spinner\" type=\"submit\" value=\"Send\" \/>\n<\/p><div class=\"wpcf7-response-output\" aria-hidden=\"true\"><\/div>\n<input type=\"hidden\" name=\"trp-form-language\" value=\"en\"\/><\/form>\n<\/div>\n<\/div>\n<\/div><\/div><\/div>\n<\/div><\/div>\n<\/div><\/div><\/div>\n<\/div><\/div>\n\n\n\n<p><\/p>","protected":false},"excerpt":{"rendered":"<p>Brunch im Hotel Sacher Baden Genie\u00dfen wie Carl Sacher&nbsp;\u2013&nbsp;Kulinarisches Highlight Das Hotel Sacher Baden l\u00e4d zum kulinarischen&nbsp;Brunch&nbsp;in edler Salon-Atmosph\u00e4re und historischem Ambiente. Es erwartet Sie ein besonderes Schmankerl-Buffet mit einer Vielzahl von k\u00f6stlichen kalten und warmen Spezialit\u00e4ten. Ein Genusserlebnis f\u00fcr Familie und Freunde. Datum: 15. Juni 2025 | Uhrzeit: 11h30&nbsp;\u2013&nbsp;14h00 Uhr | Ort: Hotel Sacher [&hellip;]<\/p>","protected":false},"author":6,"featured_media":0,"parent":0,"menu_order":0,"comment_status":"closed","ping_status":"closed","template":"","meta":{"_acf_changed":false,"footnotes":""},"class_list":["post-2961","page","type-page","status-publish","hentry"],"blocksy_meta":[],"acf":[],"_links":{"self":[{"href":"https:\/\/hotelsacherbaden.com\/en\/wp-json\/wp\/v2\/pages\/2961","targetHints":{"allow":["GET"]}}],"collection":[{"href":"https:\/\/hotelsacherbaden.com\/en\/wp-json\/wp\/v2\/pages"}],"about":[{"href":"https:\/\/hotelsacherbaden.com\/en\/wp-json\/wp\/v2\/types\/page"}],"author":[{"embeddable":true,"href":"https:\/\/hotelsacherbaden.com\/en\/wp-json\/wp\/v2\/users\/6"}],"replies":[{"embeddable":true,"href":"https:\/\/hotelsacherbaden.com\/en\/wp-json\/wp\/v2\/comments?post=2961"}],"version-history":[{"count":5,"href":"https:\/\/hotelsacherbaden.com\/en\/wp-json\/wp\/v2\/pages\/2961\/revisions"}],"predecessor-version":[{"id":3015,"href":"https:\/\/hotelsacherbaden.com\/en\/wp-json\/wp\/v2\/pages\/2961\/revisions\/3015"}],"wp:attachment":[{"href":"https:\/\/hotelsacherbaden.com\/en\/wp-json\/wp\/v2\/media?parent=2961"}],"curies":[{"name":"wp","href":"https:\/\/api.w.org\/{rel}","templated":true}]}}